{"vid":"V5434","name":"s4_25e","file_id":"F29","var_intrvl":"discrete","var_width":"150","labl":"\u00bfCu\u00e1l es la principal raz\u00f3n por la que dej\u00f3 de trabajar? (Especifique)","var_security":"Uso p\u00fablico","var_respunit":"Informante Directo o en su defecto informante calificado.","var_qstn_preqtxt":"Proviene de la pregunta 25 de la secci\u00f3n 4, Si el informante responde la opci\u00f3n 7. Otros (especifique).","var_qstn_qstnlit":"\u00bfCu\u00e1l es la principal raz\u00f3n por la que dej\u00f3 de trabajar?\n6. OTRO (ESPECIFIQUE)","var_qstn_postqtxt":"Continuar con el flujo 26 de la secci\u00f3n 4.","var_qstn_ivulnstr":"7. OTROS (ESPECIFIQUE): Alguna otra raz\u00f3n diferente a las anteriores.","var_universe":"Todos los miembros del hogar de 10 a\u00f1os o m\u00e1s de edad.","universe_clusion":"I","var_sumstat":[{"value":"283","type":"vald"}],"var_txt":"Con esta pregunta se identificar\u00e1 cu\u00e1l es la principal raz\u00f3n por la que el informante dej\u00f3 de trabajar antes de la declaraci\u00f3n de cuarentena.","var_format":"character","var_format_schema":"other","fid":"F29","sid":"91","survey_idno":"BOL-INE-ECE-2T2021"}