{"vid":"V5397","name":"s2_09a","file_id":"F29","var_dcml":"0","var_intrvl":"discrete","var_width":"1","labl":"En los \u00faltimos 12 meses antes de la declaraci\u00f3n de cuarentena del mes de marzo 2020, \u00bfusted trabaj\u00f3?","var_security":"Uso p\u00fablico","var_respunit":"Informante Directo o en su defecto informante calificado.","var_qstn_preqtxt":"Proviene de la pregunta 9 de la secci\u00f3n 2i: \u00bfHa trabajado alguna vez anteriormente?, si el informante responde la opci\u00f3n 1. Si.","var_qstn_qstnlit":"En los \u00faltimos 12 meses antes de la declaraci\u00f3n de cuarentena del mes de marzo de 2020, \u00bfusted trabaj\u00f3?\n 1. Si; 2.No","var_qstn_postqtxt":"Si en la pregunta 9a de la secci\u00f3n 2; el informante responde la opci\u00f3n:\n-1. Si, continuar con la pregunta 10 de la secci\u00f3n 2: En ese trabajo \u00bfCu\u00e1l fue su \u00faltima ocupaci\u00f3n?\t\n-2. No, FIN DE LA ENREVISTA","var_qstn_ivulnstr":"Si la respuesta es S\u00ed, registra el c\u00f3digo 1 en la fila correspondiente y contin\u00faa con la pregunta 10. \nSi la respuesta es No, registra el c\u00f3digo 2 en la fila correspondiente y  FIN DE ENTREVISTA, para esta persona.","var_val_range":[{"units":null,"min":"1","max":"999"}],"var_universe":"Todos los miembros del hogar de 10 a\u00f1os o m\u00e1s de edad.\nPoblaci\u00f3n Ocupada.","universe_clusion":"I","var_sumstat":[{"value":"8404","type":"vald"},{"value":"47368","type":"invd"}],"var_txt":"Tiempo que el informante trabaj\u00f3 como dependiente.","var_catgry":[{"value":"1","labl":"1.S\u00ed","stats":"2078","type":"freq"},{"value":"2","labl":"2.No","stats":"6326","type":"freq"},{"value":"Sysmiss","labl":null,"stats":"47368","type":"freq"}],"var_format":"numeric","var_format_schema":"other","fid":"F29","sid":"91","survey_idno":"BOL-INE-ECE-2T2021"}