{"vid":"V260","name":"s12a_05_5","file_id":"F5","var_dcml":"0","var_intrvl":"discrete","var_start_pos":"168","var_end_pos":"168","var_width":"1","var_rec_seg_no":"1","labl":"Por que no presento una denuncia formal? 5. No sabia que podia denunciar","var_security":"Uso p\u00fablico","var_respunit":"Cada miembro del hogar, siempre y cuando tenga 12 a\u00f1os o m\u00e1s y no tenga limitaciones para entender o hacerse entender.","var_qstn_preqtxt":"- Para los que respondieron la opci\u00f3n \"2. No\" de la pregunta 2:\n\n2. \u00bfPresent\u00f3 una denuncia formal contra el(la) agresor(a)?\n1.Si, 2.No","var_qstn_qstnlit":"\u00bfPor qu\u00e9 no present\u00f3 una denuncia formal? 5. No sabia que podia denunciar \n1.Si, 2.No","var_qstn_ivulnstr":"Con esta pregunta se quiere indagar las razones por las cuales la persona discriminada no denuncia el hecho. \n \nEntre las razones por las cuales las personas no denuncian un acto de discriminaci\u00f3n est\u00e1n: \n \n1. Por verg\u00fcenza  2. No quer\u00eda que se sepa 3. Por miedo 4. Porque se trat\u00f3 de un hecho sin importancia 5. No sab\u00eda que pod\u00eda denunciar 6. No cree en la justicia 7. Otro (Especifique)","var_val_range":[{"units":"REAL","min":"1","max":"2"}],"var_universe":"Personas de 15 a\u00f1os o m\u00e1s edad","universe_clusion":"I","var_sumstat":[{"value":"1273","type":"vald"},{"value":"1202.085","type":"vald"},{"value":"10503","type":"invd"},{"value":"10573.915","type":"invd"}],"var_txt":"No sab\u00eda que pod\u00eda denunciar. Indaga las razones por las cuales la persona discriminada no denuncia el hecho. \n\n1. Si\n2. No","var_catgry":[{"value":"1","labl":"1. Si","stats":"321.678","type":"freq"},{"value":"2","labl":"2. No","stats":"880.407","type":"freq"},{"value":"Sysmiss","labl":null,"stats":"10573.915","type":"freq"}],"var_format":"numeric","var_format_schema":"other","fid":"F5","sid":"84","survey_idno":"BOL-INE-EH-2019-V1"}