{"vid":"V736","name":"s6_0a","file_id":"F9","var_dcml":"3","var_intrvl":"contin","var_width":"12","labl":"A: \u00bfCu\u00e1ntas personas de 7 a\u00f1os o m\u00e1s trabajan en la actividad forestal del hogar?","var_security":"Uso p\u00fablico","var_respunit":"Miembros del hogar responsable en la actividad agr\u00edcola","var_qstn_preqtxt":"Para los que respondiqeron que el hogar no realiza ninguna actividad pisicola, de recolecci\u00f3n caza o pesca, miel, etc. de la pregunta:\n\u00bfCu\u00e1ntas personas de 7 a\u00f1os o m\u00e1s trabajan en la actividad pisc\u00edcola, ap\u00edcola, de recolecci\u00f3n, caza o\npesca del Hogar?","var_qstn_qstnlit":"\u00bfCu\u00e1ntas personas de 7 a\u00f1os o m\u00e1s trabajan en la elaboraci\u00f3n u obtenci\u00f3n de productos derivados o subproductos?","var_qstn_postqtxt":"Solo si respondieron 00 en la pregunta anterior, deben pasar a la prgunta 22 de la secci\u00f3n 7:\nDurante los \u00faltimos doce meses, para la producci\u00f3n de sus cultivos y\/o la crianza de sus animales \u00bfcu\u00e1nto gast\u00f3 en semillas? (criolla, certificada o transg\u00e9nica)","var_qstn_ivulnstr":"Se guiar\u00e1 al informante para que tome en cuenta tanto a miembros de su hogar, como a peones, empleados, etc., que trabajen en esta actividad. Registra el n\u00famero total de personas en las casillas correspondientes. En caso de no tener informaci\u00f3n anote 00 y pase a la siguiente secci\u00f3n F.","var_val_range":[{"units":"REAL","min":"1","max":"11"}],"var_universe":"Personas de 7 a\u00f1os o m\u00e1s que trabajan en la actividad agr\u00edcola del hogar","universe_clusion":"I","var_sumstat":[{"value":"1454","type":"vald"},{"value":"1250122","type":"vald"},{"value":"0","type":"invd"},{"value":"0","type":"invd"},{"value":"1","type":"min"},{"value":"11","type":"max"},{"value":"1.876","type":"mean"},{"value":"1.861","type":"mean"},{"value":"1.064","type":"stdev"},{"value":"1.043","type":"stdev"}],"var_txt":"N\u00famero de personas que trabajan en la actividad forestal, pero que sean de 7 a\u00f1os o m\u00e1s de edad","var_format":"numeric","var_format_schema":"other","var_notes":"\u201cEsta variable no es objeto primario de estudio de la encuesta, por lo que debe considerar que la cobertura del fen\u00f3meno que mide esta variable puede no ser representativa del fen\u00f3meno real, y por ello no se recomienda su uso para estimaciones, ya que el dise\u00f1o muestral no se elabor\u00f3 con el fin de proveer estad\u00edstica oficial respecto a esta tem\u00e1tica. Por tanto, la calidad de estimaciones a partir de esta variable no deben considerarse como datos oficiales y s\u00f3lo deben usarse   como variables de medici\u00f3n indirecta de los principales indicadores de la encuesta.\u201d","fid":"F9","sid":"71","survey_idno":"BOL-INE-EPF-2015-2016-V6"}