{"vid":"V602","name":"s6_01","file_id":"F5","var_intrvl":"discrete","var_width":"102","labl":"1. Durante los \u00faltimos doce meses, \u00bfqu\u00e9 productos cultiv\u00f3 y\/o cosech\u00f3?","var_security":"Uso p\u00fablico","var_respunit":"Miembros del hogar responsable en la actividad agr\u00edcola","var_qstn_qstnlit":"Durante los \u00faltimos doce meses \u00bfqu\u00e9 productos cultiv\u00f3 y\/o cosech\u00f3?","var_qstn_postqtxt":"Si no tiene actividad agricola pase a la pregunta 6 de la secci\u00f3n 6B:\nDurante los \u00faltimos doce meses, usted cri\u00f3...\n1.Si, 2.No","var_qstn_ivulnstr":"Formula la pregunta y anota en la fila correspondiente cada uno de los productos cultivados de acuerdo al orden de las respuestas brindadas.\nSi la persona informante no desarrolla ninguna actividad agr\u00edcola pasa a la p\u00e1gina 21, pregunta 6.","var_universe":"Personas de 7 a\u00f1os o m\u00e1s que trabajan en la actividad agr\u00edcola del hogar","universe_clusion":"I","var_sumstat":[{"value":"4918","type":"vald"},{"value":"0","type":"invd"}],"var_txt":"Los productos cultivados o cosechados por productor","var_format":"character","var_format_schema":"other","var_notes":"\u201cEsta variable no es objeto primario de estudio de la encuesta, por lo que debe considerar que la cobertura del fen\u00f3meno que mide esta variable puede no ser representativa del fen\u00f3meno real, y por ello no se recomienda su uso para estimaciones, ya que el dise\u00f1o muestral no se elabor\u00f3 con el fin de proveer estad\u00edstica oficial respecto a esta tem\u00e1tica. Por tanto, la calidad de estimaciones a partir de esta variable no deben considerarse como datos oficiales y s\u00f3lo deben usarse   como variables de medici\u00f3n indirecta de los principales indicadores de la encuesta.\u201d","fid":"F5","sid":"71","survey_idno":"BOL-INE-EPF-2015-2016-V6"}