{"vid":"V1226","name":"s01a_22_3b","file_id":"F10","var_dcml":"0","var_intrvl":"contin","var_width":"6","labl":"Durante los \u00faltimos doce meses, \u00bfusted o alguno de los miembros de su hogar gast\u00f3 dinero en:3. Reparaci\u00f3nes electricas y de seguridad de la vivienda?\u00a0Monto en (Bs.) sin centavos","var_security":"Uso p\u00fablico","var_respunit":"Informante calificado","var_qstn_qstnlit":"\u00bfusted o alguno de los miembros de su hogar gast\u00f3 dinero en: \n3. Reparaciones el\u00e9ctricas y de seguridad de la vivienda?","var_qstn_ivulnstr":"Con esta pregunta se quiere detectar necesidades reconocidas de los ocupantes de la vivienda para reparar elementos e instalaciones de la construcci\u00f3n deteriorados. \nEsta pregunta indaga si el hogar realiz\u00f3 alg\u00fan gasto en reparaciones f\u00edsicas de la vivienda durante los \u00faltimos doce meses, sin contar los gastos efectuados para la refacci\u00f3n f\u00edsica de otra vivienda que el hogar no habite actualmente, as\u00ed sea de su propiedad. \nPara registrar el c\u00f3digo de la respuesta, ten presente los siguientes conceptos: \n\nEs el arreglo o mejora de la vivienda en la cual se utilizan materiales el\u00e9ctricos, incluye por ejemplo la reparaci\u00f3n o sustituci\u00f3n de cables, luminarias, instalaci\u00f3n de alarmas, etc.","var_val_range":[{"units":"REAL","min":"5","max":"14000"}],"var_universe":"Viviendas particulares","universe_clusion":"I","var_sumstat":[{"value":"418","type":"vald"},{"value":"122835","type":"vald"},{"value":"10718","type":"invd"},{"value":"3224263","type":"invd"},{"value":"5","type":"min"},{"value":"14000","type":"max"},{"value":"527.722","type":"mean"},{"value":"494.024","type":"mean"},{"value":"1130.088","type":"stdev"},{"value":"1016.274","type":"stdev"}],"var_txt":"Esta pregunta indaga si el hogar realiz\u00f3 alg\u00fan gasto en reparaciones f\u00edsicas de la vivienda durante los \u00faltimos doce meses, sin contar los gastos efectuados para la refacci\u00f3n f\u00edsica de otra vivienda que el hogar no habite actualmente, as\u00ed sea de su propiedad.","var_format":"numeric","var_format_schema":"other","fid":"F10","sid":"55","survey_idno":"BOL-INE-EH-2017-V5"}