{"vid":"V1099","name":"s06h_53","file_id":"F9","var_dcml":"0","var_intrvl":"discrete","var_width":"8","labl":"\u00bfEst\u00e1 disponible para trabajar m\u00e1s horas?","var_security":"Uso P\u00fablico","var_respunit":"Los miembros del hogar, para el caso de personas menores de 12 a\u00f1os dara la informaci\u00f3n el madre o madre o la persona responsable de su cuidado.","var_qstn_qstnlit":"\u00bfEst\u00e1 disponible para trabajar m\u00e1s horas?\n1.Si, 2.No","var_qstn_postqtxt":"Solo si respondieron la opci\u00f3n 2.No de la pregunta anterior, deben pasar a la pregunta 58 de la secci\u00f3n 6:\n\n\u00bfEst\u00e1 usted afiliado a:\nA. Gremio, sindicato o asociaci\u00f3n laboral, B.AFP (Administradora de Fondos de Pensiones)      1.Si, 2.No","var_qstn_ivulnstr":"Conocer la disponibilidad de las personas para trabajar m\u00e1s horas de las que trabajo la semana pasada. La disponibilidad toma en cuenta el estado de salud de la persona y el tiempo que \u00e9sta disponga. Si la respuesta corresponde a la alternativa S\u00ed, registra el c\u00f3digo 1 y contin\u00faa con la siguiente pregunta.  Si la respuesta corresponde a la alternativa No, registra el c\u00f3digo 2 y pasa a la pregunta 58.","var_val_range":[{"units":null,"min":"1","max":"2"}],"var_universe":"Personas de 7 a\u00f1os o m\u00e1s","universe_clusion":"I","var_sumstat":[{"value":"17541","type":"vald"},{"value":"5453970","type":"vald"},{"value":"20660","type":"invd"},{"value":"5762302","type":"invd"}],"var_txt":"Conocer la disponibilidad de las personas para trabajar m\u00e1s horas de las que trabajo la semana pasada. La disponibilidad toma en cuenta el estado de salud de la persona y el tiempo que \u00e9sta disponga.","var_catgry":[{"value":"2","labl":"2. No","stats":"5106596","type":"freq"},{"value":"1","labl":"1. Si","stats":"347374","type":"freq"},{"value":"Sysmiss","labl":null,"stats":"5762302","type":"freq"}],"var_format":"numeric","var_format_schema":"other","fid":"F9","sid":"55","survey_idno":"BOL-INE-EH-2017-V5"}