{"vid":"V2220","name":"s4a_6c","file_id":"F32","var_dcml":"2","var_intrvl":"discrete","var_width":"8","labl":"Tiene (...) de manera permanente:C. Sordera?","var_security":"Uso p\u00fablico","var_respunit":"Los miembros del hogar, para el caso de personas menores de 12 a\u00f1os dara la informaci\u00f3n el madre o madre o la persona responsable de su cuidado.","var_qstn_qstnlit":"\u00bfTiene (\u2026) alguna dificultad permanente, que le limite o impida\u2026 \n\nC. Hablar, comunicarse o conversar?","var_qstn_ivulnstr":"C. Sordera? Seg\u00fan la Organizaci\u00f3n Mundial de la Salud OMS, la persona sorda es aquella cuya audici\u00f3n no le sirve para comunicarse oralmente, se entiende tambi\u00e9n como la p\u00e9rdida total del sentido del o\u00eddo que puede ser cong\u00e9nita o adquirida, la forma de expresi\u00f3n o comunicaci\u00f3n que principalmente utiliza una persona con discapacidad auditiva es mediante el lenguaje de se\u00f1as.","var_val_range":[{"units":null,"min":"1","max":"2"}],"var_universe":"Todos los miembros del hogar","universe_clusion":"I","var_sumstat":[{"value":"37363","type":"vald"},{"value":"10895917","type":"vald"},{"value":"1","type":"invd"},{"value":"373","type":"invd"}],"var_txt":"Con \u00e9sta pregunta se indaga de manera b\u00e1sica la presencia de discapacidad en la poblaci\u00f3n encuestada.","var_catgry":[{"value":"2","labl":"no","stats":"10816708","type":"freq"},{"value":"1","labl":"si","stats":"79209","type":"freq"},{"value":"Sysmiss","labl":null,"stats":"373","type":"freq"}],"var_format":"numeric","var_format_schema":"other","fid":"F32","sid":"53","survey_idno":"BOL-INE-EH-2015"}