{"vid":"V177","name":"s6d_34","file_id":"F1","var_dcml":"0","var_intrvl":"discrete","var_start_pos":"976","var_end_pos":"976","var_width":"1","var_rec_seg_no":"1","labl":"Adem\u00e1s de la actividad mencionada anteriormente, \u00bfrealiz\u00f3 otro trabajo durante la semana pasada?","var_security":"Uso p\u00fablico","var_respunit":"Los miembros del hogar, para el caso de personas menores de 12 a\u00f1os dara la informaci\u00f3n el madre o madre o la persona responsable de su cuidado.","var_qstn_preqtxt":"Para los que respondieron la pregunta 30E:\n30. Adem\u00e1s de los ingresos recibidos en dinero por su trabajo, en los \u00faltimos doce meses \u00bfrecibi\u00f3, usted... \nE.  Otros, como servicio de guarder\u00eda, instalaciones deportivas y\/o recreativas?\n1.Si, 2.No","var_qstn_qstnlit":"Adem\u00e1s de la actividad mencionada anteriormente, \u00bfrealiz\u00f3 otro trabajo durante la semana pasada?\n1.Si, 2.No","var_qstn_postqtxt":"Solo si respondieron la opci\u00f3n 2, pasar a la prgnta 46, de la secci\u00f3n 46:\n\u00bfDesea trabajar m\u00e1s horas de las que trabaj\u00f3 la semana pasada?\n1.Si, 2.No","var_qstn_ivulnstr":"Esta pregunta introduce a la secci\u00f3n E, la cual indaga sobre la ocupaci\u00f3n y actividad secundaria del Informante","var_val_range":[{"units":"REAL","min":"1","max":"2"}],"var_universe":"Personas de 7 a\u00f1os o m\u00e1s","universe_clusion":"I","var_sumstat":[{"value":"0","type":"vald"},{"value":"0","type":"vald"},{"value":"0","type":"invd"},{"value":"0","type":"invd"}],"var_txt":"El objetivo es determinar la proporci\u00f3n de ocupados que tienen una segunda ocupaci\u00f3n laboral.","var_catgry":[{"value":"1","labl":"si","stats":null,"type":null},{"value":"2","labl":"no","stats":null,"type":null}],"var_format":"numeric","var_format_schema":"other","fid":"F1","sid":"39","survey_idno":"BOL-INE-EH-2013"}