{"vid":"V674","name":"s6b_23h","file_id":"F6","var_dcml":"0","var_intrvl":"contin","var_start_pos":"1283","var_end_pos":"1284","var_width":"2","var_rec_seg_no":"1","labl":"\u00bfCu\u00e1ntas horas en promedio trabaja al d\u00eda en su ocupaci\u00f3n? (Horas)","var_security":"Uso p\u00fablico","var_respunit":"Los miembros del hogar, para el caso de personas menores de 12 a\u00f1os dara la informaci\u00f3n el madre o madre o la persona responsable de su cuidado.","var_qstn_qstnlit":"\u00bfCu\u00e1ntas horas en promedio trabaja al d\u00eda  en su ocupaci\u00f3n?","var_qstn_ivulnstr":"La pregunta nos permite estimar el volumen de trabajo en t\u00e9rminos de jornadas laborales y cuantificar la subutilizaci\u00f3n y desaprovechamiento de la mano de obra en determinados periodos, vale decir, el subempleo visible o por insuficiencia de jornada.","var_val_range":[{"units":null,"min":"0","max":"24"}],"var_universe":"Personas de 7 a\u00f1os o m\u00e1s de edad.","universe_clusion":"I","var_sumstat":[{"value":"17941","type":"vald"},{"value":"5519737","type":"vald"},{"value":"18677","type":"invd"},{"value":"5212720","type":"invd"},{"value":"0","type":"min"},{"value":"24","type":"max"},{"value":"7.927","type":"mean"},{"value":"7.797","type":"mean"},{"value":"2.895","type":"stdev"},{"value":"2.874","type":"stdev"}],"var_txt":"En esta variable se registran las horas en promedio que trabaja al d\u00eda, el informante en su ocupaci\u00f3n, con este dato se pretende estimar el volumen de trabajo en t\u00e9rminos de jornadas laborales y cuantificar la subutilizaci\u00f3n y desaprovechamiento de la mano de obra en determinados periodos, vale decir, el subempleo visible o por insuficiencia de jornada.","var_format":"numeric","var_format_schema":"other","fid":"F6","sid":"38","survey_idno":"BOL-INE-EH-2014-V4"}