{"vid":"V3934","name":"s02a_05","file_id":"F36","var_dcml":"0","var_intrvl":"discrete","var_width":"1","labl":"\u00bfPor qu\u00e9 (...) no se vacun\u00f3 contra el COVID-19?","var_imputation":"Los criterios de validaci\u00f3n, consistencia e imputaci\u00f3n adoptados por preguntas y m\u00f3dulos siguen procedimientos de identificaci\u00f3n y tratamiento explicitados conforme a las definiciones y\/o recomendaciones contenidos en los manuales del encuestador, supervisor y monitoreo.","var_security":"Uso P\u00fablico","var_respunit":"Informante indirecto","var_qstn_qstnlit":"\u00bfPor qu\u00e9 (...) no se vacun\u00f3 contra COVID-19?\n\n1. NO LE CORRESPONDE POR SU EDAD\t\n2. NO HAY VACUNAS   DONDE FUE A VACUNARSE\n3. ESTA PROGRAMADA PARA OTRA FECHA  \t\n4. NO CREE EN LA VACUNA \/DESCONFIA DE LA VACUNA\/MIEDO A LA VACUNA \t\n5. LOS PADRES O TUTORES NO DIERON LA AUTORIZACI\u00d3N PARA LA VACUNACI\u00d3N\n6. FALTA DE INTERES\t\n7. MIEDO A LA VACUNA\/FALTA DE INFORMACI\u00d3N DE LA VACUNA\t\n8. FALTA DE TIEMPO\t\n9. OTRA (Especifique)","var_qstn_ivulnstr":"1. NO LE CORRESPONDE POR SU EDAD: La persona no se encuentra en el rango de edad programada para la vacunaci\u00f3n. \t\n2. NO HAY VACUNAS   DONDE FUE A VACUNARSE: Se acabaron las dosis programadas o no cuentan con la vacuna requerida en el pa\u00eds.\t\n3. ESTA PROGRAMADA PARA OTRA FECHA: La misma est\u00e1 fijada para una fecha posterior a la entrevista.\t\n4. NO CREE EN LA VACUNA \/DESCONFIA DE LA VACUNA\/MIEDO A LA VACUNA: La persona no est\u00e1 convencida de los resultados de la vacuna, se incluye tambi\u00e9n las que indican desconfianza frente a los resultados de la vacuna. \t\n5. LOS PADRES O TUTORES NO DIERON LA AUTORIZACI\u00d3N PARA LA VACUNACI\u00d3N: Las personas para aplicarse las vacunas dependen de la autorizaci\u00f3n de sus padres o tutores.\t\n6. FALTA DE INTERES: La persona no tiene inter\u00e9s en aplicarse la vacuna contra covid-19.\t\n7. MIEDO A LA VACUNA\/FALTA DE INFORMACI\u00d3N DE LA VACUNA: La persona tiene miedo a la aplicaci\u00f3n de la vacuna, o esta desinformada sobre las vacunas contra el COVID-19. \t\n8. FALTA DE TIEMPO: La persona no dispone de tiempo para poderse aplicar la vacuna contra COVID-19.","var_val_range":[{"units":null,"min":"1","max":"3"}],"var_universe":"Todos los miembros del hogar","universe_clusion":"I","var_sumstat":[{"value":"12256","type":"vald"},{"value":"3867174.557","type":"vald"},{"value":"28699","type":"invd"},{"value":"8203303.443","type":"invd"}],"var_txt":"Conocer las razones por las que las personas no se vacunaron contra COVID-19.","var_catgry":[{"value":"1","labl":"1. NO LE CORRESPONDE POR SU EDAD","stats":"889458.546","type":"freq"},{"value":"2","labl":"2. NO HAY VACUNAS DONDE FUE A VACUNARSE","stats":"40575.643","type":"freq"},{"value":"3","labl":"3. ESTA PROGRAMADA PARA OTRA FECHA","stats":"6404.178","type":"freq"},{"value":"4","labl":"4. NO CREE EN LA VACUNA\/DESCONFIA DE LA VACUNA","stats":"899076.338","type":"freq"},{"value":"5","labl":"5. LOS PADRES O TUTORES NO DIERON LA AUTORIZACI\u00d3N PARA LA VACUNACI\u00d3N","stats":"1091757.208","type":"freq"},{"value":"6","labl":"6. FALTA DE INTER\u00c9S","stats":"261570.802","type":"freq"},{"value":"7","labl":"7. MIEDO A LAL VACUNA\/FALTA DE INFORMACI\u00d3N DE LA VACUNACI\u00d3N","stats":"562540.937","type":"freq"},{"value":"8","labl":"8. FALTA DE TIEMPO","stats":"81261.52","type":"freq"},{"value":"9","labl":"9. OTRA (Especifique)","stats":"34529.385","type":"freq"},{"value":"Sysmiss","labl":null,"stats":"8203303.443","type":"freq"}],"var_format":"numeric","var_format_schema":"other","fid":"F36","sid":"106","survey_idno":"BOL-INE-EH-2022"}